{"id":19,"date":"2021-06-18T12:44:56","date_gmt":"2021-06-18T12:44:56","guid":{"rendered":"http:\/\/137.184.61.237\/index.php\/resource\/"},"modified":"2024-08-25T19:48:34","modified_gmt":"2024-08-25T19:48:34","slug":"egresados","status":"publish","type":"page","link":"https:\/\/www.uabcs.mx\/dasc\/egresados\/","title":{"rendered":"Egresados"},"content":{"rendered":"\n<div class=\"wp-block-columns is-layout-flex wp-container-core-columns-is-layout-e668a67c wp-block-columns-is-layout-flex\" style=\"margin-bottom:1em\">\n<div class=\"wp-block-column is-layout-flow wp-block-column-is-layout-flow\" style=\"flex-basis:100%\">\n<div class=\"wp-block-cover alignfull has-parallax has-custom-content-position is-position-bottom-center pruebaxd\" style=\"min-height:475px;aspect-ratio:unset;\"><span aria-hidden=\"true\" class=\"wp-block-cover__background has-ast-global-color-2-background-color has-background-dim-60 has-background-dim\"><\/span><div class=\"wp-block-cover__image-background wp-image-3915 has-parallax\" style=\"background-position:50% 50%;background-image:url(https:\/\/www.uabcs.mx\/dasc\/wp-content\/uploads\/2022\/09\/istockphoto-1188613790-612x612-1.jpg)\"><\/div><div class=\"wp-block-cover__inner-container is-layout-flow wp-block-cover-is-layout-flow\">\n<h1 class=\"wp-block-heading has-text-align-center dascTitle has-text-color\" style=\"color:#ffffff;margin-top:15%;margin-right:15%;margin-bottom:15%;margin-left:15%;font-size:30px\">Departamento Acad\u00e9mico de Sistemas Computacionales <\/h1>\n\n\n\n<h2 class=\"wp-block-heading has-text-align-center has-white-color has-text-color\" style=\"font-size:24px;font-style:normal;font-weight:700\">&#8211; Egresados &#8211;<\/h2>\n<\/div><\/div>\n<\/div>\n<\/div>\n\n\n\n<div class=\"wp-block-columns alignwide are-vertically-aligned-center is-layout-flex wp-container-core-columns-is-layout-0a7f37b4 wp-block-columns-is-layout-flex\" style=\"margin-top:0px;margin-bottom:0px;padding-top:0;padding-right:2.5%;padding-bottom:0;padding-left:2.5%\">\n<div class=\"wp-block-column is-vertically-aligned-center has-background is-layout-flow wp-block-column-is-layout-flow\" style=\"background-color:#2d6fa4;padding-top:0%;padding-right:0%;padding-bottom:0%;padding-left:0%\">\n<h3 class=\"wp-block-heading has-ast-global-color-5-color has-text-color\" style=\"margin-top:0.5%;margin-bottom:0.5%;margin-left:1rem\">Titulaci\u00f3n<\/h3>\n<\/div>\n<\/div>\n\n\n\n<div class=\"wp-block-columns alignwide is-layout-flex wp-container-core-columns-is-layout-2cbe2d82 wp-block-columns-is-layout-flex\" style=\"margin-top:0px;margin-bottom:0px;padding-right:10%;padding-left:10%\">\n<div class=\"wp-block-column is-vertically-aligned-center is-layout-flow wp-block-column-is-layout-flow\" style=\"padding-top:1.5rem;padding-right:1em;padding-left:1em\">\n<p class=\"justificado\" style=\"font-style:normal;font-weight:400\">Para el Depto. de Sistemas Computacionales es muy importante y gratificante que nuestros estudiantes logren alcanzar la cima de sus estudios de licenciatura, ya que la obtenci\u00f3n del t\u00edtulo profesional representa la culminaci\u00f3n de un largo camino de esfuerzo, estudio y dedicaci\u00f3n. En muchas ocasiones, el contar con el t\u00edtulo profesional abre puertas para poder obtener mejores puestos ya sea en organizaciones p\u00fablicas o privadas, o bien para obtener un puesto de directivo necesitas tener algo que avale tus conocimientos obtenidos en la carrera, esto es, el titulo y c\u00e9dula profesional, por lo tanto tu remuneraci\u00f3n va a ir incrementando, toda vez que tu estatus acad\u00e9mico cambio de pasante a licenciado y\/o Ingeniero, adem\u00e1s de esto la satisfacci\u00f3n personal que brinda el obtener el grado acad\u00e9mico. tambi\u00e9n es importante ya que en ciertas universidades es un requisito para poder ingresar a estudios de posgrado.<\/p>\n\n\n\n<div class=\"wp-block-columns is-layout-flex wp-container-core-columns-is-layout-1e6973e4 wp-block-columns-is-layout-flex\" style=\"margin-top:1em;margin-bottom:1em\">\n<div class=\"wp-block-column is-layout-flow wp-block-column-is-layout-flow\"><\/div>\n\n\n\n<div class=\"wp-block-column is-layout-flow wp-block-column-is-layout-flow\" style=\"padding-top:0px;padding-right:0px;padding-bottom:0px;padding-left:0px\">\n<p class=\"has-text-align-right has-ast-global-color-2-color has-text-color has-background\" style=\"background-color:#eaeaea\">\u201cMucha suerte en este trabajo final y no te rindas si por alguna raz\u00f3n no puedes realizarla de manera inmediata, nunca es tarde para empezar.\u201d<\/p>\n<\/div>\n<\/div>\n<\/div>\n<\/div>\n\n\n\n<div class=\"wp-block-columns alignwide are-vertically-aligned-center is-layout-flex wp-container-core-columns-is-layout-0a7f37b4 wp-block-columns-is-layout-flex\" style=\"margin-top:0px;margin-bottom:0px;padding-top:0;padding-right:2.5%;padding-bottom:0;padding-left:2.5%\">\n<div class=\"wp-block-column is-vertically-aligned-center has-background is-layout-flow wp-block-column-is-layout-flow\" style=\"background-color:#2d6fa4;padding-top:0%;padding-right:0%;padding-bottom:0%;padding-left:0%\">\n<h3 class=\"wp-block-heading has-ast-global-color-5-color has-text-color\" style=\"margin-top:0.5%;margin-bottom:0.5%;margin-left:1rem\">Informaci\u00f3n sobre la titulaci\u00f3n<\/h3>\n<\/div>\n<\/div>\n\n\n\n<div class=\"wp-block-columns is-layout-flex wp-container-core-columns-is-layout-5fd31530 wp-block-columns-is-layout-flex\" style=\"padding-right:10%;padding-left:10%\">\n<div class=\"wp-block-column is-layout-flow wp-block-column-is-layout-flow\">\n<h5 class=\"wp-block-heading\" style=\"margin-top:1.5rem\">Los requisitos para obtener el t\u00edtulo profesional son:<\/h5>\n\n\n\n<ul class=\"wp-block-list\">\n<li><a href=\"https:\/\/www.uabcs.mx\/dasc\/wp-content\/uploads\/2023\/06\/examen-profesional-guia-requisitos-tramite-titulo-profesional.pdf\" data-type=\"URL\" data-id=\"https:\/\/www.uabcs.mx\/dasc\/wp-content\/uploads\/2023\/06\/examen-profesional-guia-requisitos-tramite-titulo-profesional.pdf\" target=\"_blank\" rel=\"noreferrer noopener\">Gu\u00eda de requisitos para tramitar el t\u00edtulo profesional<\/a><\/li>\n\n\n\n<li><a href=\"https:\/\/www.uabcs.mx\/dasc\/wp-content\/uploads\/2023\/06\/requisitos-profesional-guia-requisitos-especiales-tramite-titulo-profesional-examen-profesional.pdf\" data-type=\"URL\" data-id=\"https:\/\/www.uabcs.mx\/dasc\/wp-content\/uploads\/2023\/06\/requisitos-profesional-guia-requisitos-especiales-tramite-titulo-profesional-examen-profesional.pdf\" target=\"_blank\" rel=\"noreferrer noopener\">Gu\u00eda de requisitos especiales para tramitar el t\u00edtulo profesional por examen profesional<\/a><\/li>\n\n\n\n<li><a rel=\"noreferrer noopener\" href=\"https:\/\/www.uabcs.mx\/dasc\/wp-content\/uploads\/2023\/06\/requisitos-profesional-requisitos-especiales-tramite-exencion-titulo-profesional.pdf\" data-type=\"URL\" data-id=\"https:\/\/www.uabcs.mx\/dasc\/wp-content\/uploads\/2023\/06\/requisitos-profesional-requisitos-especiales-tramite-exencion-titulo-profesional.pdf\" target=\"_blank\">Gu\u00eda de requisitos especiales para tramitar el t\u00edtulo profesional por exenci\u00f3n de examen profesional<\/a><\/li>\n<\/ul>\n\n\n\n<h5 class=\"wp-block-heading\">Documentaci\u00f3n:<\/h5>\n\n\n\n<h6 class=\"wp-block-heading has-text-color\" style=\"color:#2d6fa4;font-size:18px\">Formatos.<\/h6>\n\n\n\n<ul class=\"wp-block-list\">\n<li><a href=\"https:\/\/www.uabcs.mx\/dasc\/wp-content\/uploads\/2023\/06\/formatos-solicitud-registro-anteproyecto.pdf\" target=\"_blank\" rel=\"noreferrer noopener\">Solicitud de registro de anteproyecto<\/a><\/li>\n\n\n\n<li><a href=\"https:\/\/www.uabcs.mx\/dasc\/wp-content\/uploads\/2023\/06\/formatos-solicitud-aplicacion-examen-global-teorico-practico.pdf\" target=\"_blank\" rel=\"noreferrer noopener\">Solicitud de aplicaci\u00f3n de examen global te\u00f3rico &#8211; pr\u00e1ctico<\/a><\/li>\n\n\n\n<li><a href=\"https:\/\/www.uabcs.mx\/dasc\/wp-content\/uploads\/2023\/06\/formatos-solicitud-titulacion-primer-autor-publicacion.pdf\" target=\"_blank\" rel=\"noreferrer noopener\">Solicitud de titulaci\u00f3n primer autor de una publicaci\u00f3n<\/a><\/li>\n\n\n\n<li><a href=\"https:\/\/www.uabcs.mx\/dasc\/wp-content\/uploads\/2023\/06\/formatos-solicitud-examen-profesional.pdf\" target=\"_blank\" rel=\"noreferrer noopener\">Solicitud de examen profesional<\/a><\/li>\n\n\n\n<li><a href=\"https:\/\/www.uabcs.mx\/dasc\/wp-content\/uploads\/2023\/06\/formatos-solicitud-exencion-examen-profesional.pdf\" target=\"_blank\" rel=\"noreferrer noopener\">Solicitud de exenci\u00f3n de examen profesional<\/a><\/li>\n<\/ul>\n\n\n\n<h2 class=\"wp-block-heading has-text-color\" style=\"color:#2d6fa4;font-size:18px\">Posgrado.<\/h2>\n\n\n\n<ul class=\"wp-block-list\">\n<li><a href=\"https:\/\/www.uabcs.mx\/dasc\/wp-content\/uploads\/2023\/06\/requisitos-tramite-grado-academico-guia-requisitos-tramitar-examen-grado.pdf\" target=\"_blank\" rel=\"noreferrer noopener\">Gu\u00eda de requisitos para tramitar examen de grado (maestr\u00eda o doctorado)<\/a><\/li>\n\n\n\n<li><a href=\"https:\/\/www.uabcs.mx\/dasc\/wp-content\/uploads\/2023\/06\/formatos-solicitud-registro-anteproyecto-posgrado.pdf\" target=\"_blank\" rel=\"noreferrer noopener\">Solicitud registro de anteproyecto posgrado<\/a><\/li>\n\n\n\n<li><a href=\"https:\/\/www.uabcs.mx\/dasc\/wp-content\/uploads\/2023\/06\/formatos-solicitud-examen-grado.pdf\" target=\"_blank\" rel=\"noreferrer noopener\">Solicitud examen de grado<\/a><\/li>\n<\/ul>\n\n\n\n<h6 class=\"wp-block-heading has-text-color\" style=\"color:#2d6fa4;font-size:18px\"><strong>Instrucciones para fotograf\u00edas<\/strong>.<\/h6>\n\n\n\n<ul class=\"wp-block-list\">\n<li><a href=\"https:\/\/www.uabcs.mx\/dasc\/wp-content\/uploads\/2023\/06\/caracteristicas-fotografias-tamano-titulo.pdf\" data-type=\"URL\" data-id=\"https:\/\/www.uabcs.mx\/dasc\/wp-content\/uploads\/2023\/06\/caracteristicas-fotografias-tamano-titulo.pdf\" target=\"_blank\" rel=\"noreferrer noopener\">Caracter\u00edsticas de las fotograf\u00edas tama\u00f1o infantil<\/a><\/li>\n\n\n\n<li><a href=\"https:\/\/www.uabcs.mx\/dasc\/wp-content\/uploads\/2023\/06\/caracteristicas-fotografias-grado-maestria-doctorado.pdf\" data-type=\"URL\" data-id=\"https:\/\/www.uabcs.mx\/dasc\/wp-content\/uploads\/2023\/06\/caracteristicas-fotografias-grado-maestria-doctorado.pdf\" target=\"_blank\" rel=\"noreferrer noopener\">Caracter\u00edsticas de las fotograf\u00edas para grado de maestr\u00eda y doctorado<\/a><\/li>\n<\/ul>\n\n\n\n<h6 class=\"wp-block-heading has-text-color\" style=\"color:#2d6fa4;font-size:18px\">Formato editorial.<\/h6>\n\n\n\n<ul class=\"wp-block-list\">\n<li><a href=\"https:\/\/www.uabcs.mx\/dasc\/wp-content\/uploads\/2023\/06\/formato-editorial.pdf\" data-type=\"URL\" data-id=\"https:\/\/www.uabcs.mx\/dasc\/wp-content\/uploads\/2023\/06\/formato-editorial.pdf\" target=\"_blank\" rel=\"noreferrer noopener\">Formato editorial<\/a><\/li>\n<\/ul>\n\n\n\n<h6 class=\"wp-block-heading has-text-color\" style=\"color:#2d6fa4;font-size:18px\"><strong>Robo, extrav\u00edo o deterioro de documentos<\/strong>.<\/h6>\n\n\n\n<ul class=\"wp-block-list\">\n<li><a href=\"http:\/\/uabcs.mx\/dasc\/wp-content\/uploads\/2023\/06\/caracteristicas-fotografias-certificaciones.pdf\" data-type=\"URL\" data-id=\"uabcs.mx\/dasc\/wp-content\/uploads\/2023\/06\/caracteristicas-fotografias-certificaciones.pdf\" target=\"_blank\" rel=\"noreferrer noopener\">Caracter\u00edsticas de las fotograf\u00edas para certificaciones<\/a><\/li>\n\n\n\n<li><a href=\"https:\/\/www.uabcs.mx\/dasc\/wp-content\/uploads\/2023\/06\/guia-requisitos-tramitar-certificacion-licenciatura-posgrado.pdf\" data-type=\"URL\" data-id=\"https:\/\/www.uabcs.mx\/dasc\/wp-content\/uploads\/2023\/06\/guia-requisitos-tramitar-certificacion-licenciatura-posgrado.pdf\" target=\"_blank\" rel=\"noreferrer noopener\">Gu\u00eda de requisitos para tramitar certificaci\u00f3n de licenciatura y posgrado<\/a><\/li>\n<\/ul>\n<\/div>\n<\/div>\n\n\n\n<div class=\"wp-block-columns is-layout-flex wp-container-core-columns-is-layout-5fd31530 wp-block-columns-is-layout-flex\" style=\"padding-right:10%;padding-left:10%\">\n<div class=\"wp-block-column is-layout-flow wp-block-column-is-layout-flow\">\n<h5 class=\"wp-block-heading\" style=\"margin-top:1.5rem\">Modalidades de titulaci\u00f3n:<\/h5>\n<\/div>\n<\/div>\n\n\n\n<div class=\"wp-block-columns is-layout-flex wp-container-core-columns-is-layout-28f84493 wp-block-columns-is-layout-flex\">\n<div class=\"wp-block-column is-layout-flow wp-block-column-is-layout-flow\" style=\"flex-basis:15%\"><\/div>\n\n\n\n<div class=\"wp-block-column is-layout-flow wp-block-column-is-layout-flow\" style=\"flex-basis:70%\">\n<div class=\"wp-block-columns is-layout-flex wp-container-core-columns-is-layout-28f84493 wp-block-columns-is-layout-flex\">\n<div class=\"wp-block-column is-vertically-aligned-top is-layout-flow wp-block-column-is-layout-flow\">\n<h5 class=\"wp-block-heading has-text-color\" style=\"color:#2d6fa4\">Con examen profesional<\/h5>\n\n\n\n<ul class=\"wp-block-list\">\n<li><a href=\"https:\/\/www.uabcs.mx\/dasc\/wp-content\/uploads\/2023\/06\/examen-profesional-tesis.pdf\" data-type=\"URL\" data-id=\"https:\/\/www.uabcs.mx\/dasc\/wp-content\/uploads\/2023\/06\/examen-profesional-tesis.pdf\" target=\"_blank\" rel=\"noreferrer noopener\">Tesis<\/a><\/li>\n\n\n\n<li><a href=\"https:\/\/www.uabcs.mx\/dasc\/wp-content\/uploads\/2023\/06\/examen-profesional-tesina.pdf\" data-type=\"URL\" data-id=\"https:\/\/www.uabcs.mx\/dasc\/wp-content\/uploads\/2023\/06\/examen-profesional-tesina.pdf\" target=\"_blank\" rel=\"noreferrer noopener\">Tesina<\/a><\/li>\n\n\n\n<li><a href=\"https:\/\/www.uabcs.mx\/dasc\/wp-content\/uploads\/2023\/06\/examen-profesional-memoria-servicio-social.pdf\" data-type=\"URL\" data-id=\"https:\/\/www.uabcs.mx\/dasc\/wp-content\/uploads\/2023\/06\/examen-profesional-memoria-servicio-social.pdf\" target=\"_blank\" rel=\"noreferrer noopener\">Memoria del Servicio Social<\/a><\/li>\n\n\n\n<li><a href=\"https:\/\/www.uabcs.mx\/dasc\/wp-content\/uploads\/2023\/06\/examen-profesional-memoria-tecnica-trabajo-profesional.pdf\" target=\"_blank\" rel=\"noreferrer noopener\">Memoria T\u00e9cnica de Trabajo Profesional<\/a><\/li>\n\n\n\n<li><a href=\"https:\/\/www.uabcs.mx\/dasc\/wp-content\/uploads\/2023\/06\/exencion-profesional-curso-especial-titulacion.pdf\" target=\"_blank\" rel=\"noreferrer noopener\">Curso Especial de Titulaci\u00f3n<\/a><\/li>\n\n\n\n<li><a href=\"https:\/\/www.uabcs.mx\/dasc\/wp-content\/uploads\/2023\/06\/examen-profesional-proyecto-investigacion-uabcs.pdf\" target=\"_blank\" rel=\"noreferrer noopener\">Memoria de Participaci\u00f3n en un Proyecto de Investigaci\u00f3n<\/a><\/li>\n\n\n\n<li>Memoria o Pr\u00e1cticas Profesionales<\/li>\n\n\n\n<li><a href=\"https:\/\/www.uabcs.mx\/dasc\/wp-content\/uploads\/2023\/06\/examen-profesional-produccion-material-educativo.pdf\" data-type=\"URL\" data-id=\"https:\/\/www.uabcs.mx\/dasc\/wp-content\/uploads\/2023\/06\/examen-profesional-produccion-material-educativo.pdf\" target=\"_blank\" rel=\"noreferrer noopener\">Producci\u00f3n de Materiales Educativos<\/a><\/li>\n\n\n\n<li><a href=\"https:\/\/www.uabcs.mx\/dasc\/wp-content\/uploads\/2023\/06\/examen-profesional-examen-global-teorico-practico.pdf\" data-type=\"URL\" data-id=\"https:\/\/www.uabcs.mx\/dasc\/wp-content\/uploads\/2023\/06\/examen-profesional-examen-global-teorico-practico.pdf\" target=\"_blank\" rel=\"noreferrer noopener\">Examen Global Te\u00f3rico-Pr\u00e1ctico <\/a><\/li>\n<\/ul>\n<\/div>\n\n\n\n<div class=\"wp-block-column is-vertically-aligned-top is-layout-flow wp-block-column-is-layout-flow\">\n<h5 class=\"wp-block-heading has-text-color\" style=\"color:#2d6fa4\">Sin examen profesional<\/h5>\n\n\n\n<ul class=\"wp-block-list\">\n<li><a href=\"https:\/\/www.uabcs.mx\/dasc\/wp-content\/uploads\/2023\/06\/exencion-examen-profesional-estudios-maestria.pdf\" target=\"_blank\" rel=\"noreferrer noopener\">Cr\u00e9ditos de maestr\u00eda<\/a><\/li>\n\n\n\n<li><a rel=\"noreferrer noopener\" href=\"https:\/\/www.uabcs.mx\/dasc\/wp-content\/uploads\/2023\/06\/exencion-examen-profesional-estudios-especializacion.pdf\" data-type=\"URL\" data-id=\"https:\/\/www.uabcs.mx\/dasc\/wp-content\/uploads\/2023\/06\/exencion-examen-profesional-estudios-especializacion.pdf\" target=\"_blank\">Estudios de especializaci\u00f3n<\/a><\/li>\n\n\n\n<li><a href=\"https:\/\/www.uabcs.mx\/dasc\/wp-content\/uploads\/2023\/06\/exencion-examen-profesional-titulacion-automatica.pdf\" target=\"_blank\" rel=\"noreferrer noopener\">Promedio de 90<\/a><\/li>\n\n\n\n<li><a href=\"https:\/\/www.uabcs.mx\/dasc\/wp-content\/uploads\/2023\/06\/exencion-examen-profesional-egel.pdf\" data-type=\"URL\" data-id=\"https:\/\/www.uabcs.mx\/dasc\/wp-content\/uploads\/2023\/06\/exencion-examen-profesional-egel.pdf\" target=\"_blank\" rel=\"noreferrer noopener\">EGEL-CENEVAL<\/a><\/li>\n\n\n\n<li><a href=\"https:\/\/www.uabcs.mx\/dasc\/wp-content\/uploads\/2023\/06\/exencion-examen-profesional-examen-global-teorico.pdf\" data-type=\"URL\" data-id=\"https:\/\/www.uabcs.mx\/dasc\/wp-content\/uploads\/2023\/06\/exencion-examen-profesional-examen-global-teorico.pdf\" target=\"_blank\" rel=\"noreferrer noopener\">Examen Global Te\u00f3rico<\/a><\/li>\n\n\n\n<li><a href=\"https:\/\/www.uabcs.mx\/dasc\/wp-content\/uploads\/2023\/06\/exencion-examen-profesional-ejercicio-practica-profesional.pdf\" data-type=\"URL\" data-id=\"https:\/\/www.uabcs.mx\/dasc\/wp-content\/uploads\/2023\/06\/exencion-examen-profesional-ejercicio-practica-profesional.pdf\" target=\"_blank\" rel=\"noreferrer noopener\">Ejercicio o Pr\u00e1ctica Profesional<\/a><\/li>\n\n\n\n<li><a href=\"https:\/\/www.uabcs.mx\/dasc\/wp-content\/uploads\/2023\/06\/exencion-profesional-primer-autor-publicacion.pdf\" data-type=\"URL\" data-id=\"https:\/\/www.uabcs.mx\/dasc\/wp-content\/uploads\/2023\/06\/exencion-profesional-primer-autor-publicacion.pdf\" target=\"_blank\" rel=\"noreferrer noopener\">Primer autor en una publicaci\u00f3n (revista cient\u00edfica o de divulgaci\u00f3n)<\/a><\/li>\n\n\n\n<li>Certificaci\u00f3n en un Norma Oficial Mexicana<\/li>\n\n\n\n<li>Certificaciones Competencia Laborales<\/li>\n<\/ul>\n<\/div>\n<\/div>\n<\/div>\n\n\n\n<div class=\"wp-block-column is-layout-flow wp-block-column-is-layout-flow\" style=\"flex-basis:15%\"><\/div>\n<\/div>\n\n\n\n<div class=\"wp-block-columns is-layout-flex wp-container-core-columns-is-layout-60e1d2eb wp-block-columns-is-layout-flex\" style=\"margin-top:var(--wp--preset--spacing--20);margin-bottom:var(--wp--preset--spacing--20);padding-right:10%;padding-left:10%\">\n<div class=\"wp-block-column is-layout-flow wp-block-column-is-layout-flow\">\n<h5 class=\"wp-block-heading\">Se podr\u00e1 obtener el t\u00edtulo sin presentar examen profesional cuando el alumno:<\/h5>\n\n\n\n<ul class=\"wp-block-list\">\n<li>Haya cubierto la totalidad del plan de estudios de una maestr\u00eda, o<\/li>\n\n\n\n<li>Haya obtenido el grado de una especialidad, o<\/li>\n\n\n\n<li>Haya obtenido 90 de promedio global, termine sus estudios en el tiempo establecido y no haya presentado ning\u00fan extraordinario. o<\/li>\n\n\n\n<li>Haya obtenido un promedio global superior a 90, termine los estudios en el tiempo establecido en el plan de estudios y no haya presentado m\u00e1s de dos ex\u00e1menes extraordinarios. En esta opci\u00f3n, la solicitud deber\u00e1 ser aprobada por el Consejo Acad\u00e9mico del \u00c1rea, o<\/li>\n\n\n\n<li>Haya presentado y aprobado examen general de egreso de licenciatura EGEL aplicado por el CENEVAL y de conformidad con el puntaje<\/li>\n<\/ul>\n<\/div>\n<\/div>\n\n\n\n<div class=\"wp-block-columns is-layout-flex wp-container-core-columns-is-layout-add162e1 wp-block-columns-is-layout-flex\" style=\"padding-right:13%;padding-left:13%\">\n<div class=\"wp-block-column is-layout-flow wp-block-column-is-layout-flow\" style=\"flex-basis:100%\">\n<div class=\"wp-block-buttons is-content-justification-center is-layout-flex wp-container-core-buttons-is-layout-eb4e4e96 wp-block-buttons-is-layout-flex\" style=\"margin-top:1rem;margin-bottom:1rem\">\n<div class=\"wp-block-button has-custom-width wp-block-button__width-100 has-custom-font-size btnAnimacion centrar-xd has-medium-font-size\"><a class=\"wp-block-button__link wp-element-button\" href=\"https:\/\/uabcs.mx\/tramites-titulacion\" style=\"border-radius:8px\" target=\"_blank\" rel=\"noreferrer noopener\">Informaci\u00f3n detallada de todos los tr\u00e1mites de titulaci\u00f3n<\/a><\/div>\n<\/div>\n<\/div>\n<\/div>\n\n\n\n<div class=\"wp-block-columns is-layout-flex wp-container-core-columns-is-layout-b0bab6eb wp-block-columns-is-layout-flex\" style=\"margin-top:var(--wp--preset--spacing--40);margin-bottom:var(--wp--preset--spacing--40)\">\n<div class=\"wp-block-column is-layout-flow wp-block-column-is-layout-flow\" style=\"flex-basis:70%\">\n<div class=\"wp-block-cover aligncenter is-light has-custom-content-position is-position-center-left manuales fondo-enlace\" style=\"min-height:256px;aspect-ratio:unset;\"><span aria-hidden=\"true\" class=\"wp-block-cover__background has-background-dim-30 has-background-dim\"><\/span><img loading=\"lazy\" decoding=\"async\" width=\"1686\" height=\"304\" class=\"wp-block-cover__image-background wp-image-6429\" alt=\"\" src=\"https:\/\/www.uabcs.mx\/dasc\/wp-content\/uploads\/2024\/03\/bannerAnuario.jpg\" style=\"object-position:96% 41%\" data-object-fit=\"cover\" data-object-position=\"96% 41%\" srcset=\"https:\/\/www.uabcs.mx\/dasc\/wp-content\/uploads\/2024\/03\/bannerAnuario.jpg 1686w, https:\/\/www.uabcs.mx\/dasc\/wp-content\/uploads\/2024\/03\/bannerAnuario-300x54.jpg 300w, https:\/\/www.uabcs.mx\/dasc\/wp-content\/uploads\/2024\/03\/bannerAnuario-1024x185.jpg 1024w, https:\/\/www.uabcs.mx\/dasc\/wp-content\/uploads\/2024\/03\/bannerAnuario-768x138.jpg 768w, https:\/\/www.uabcs.mx\/dasc\/wp-content\/uploads\/2024\/03\/bannerAnuario-1536x277.jpg 1536w, https:\/\/www.uabcs.mx\/dasc\/wp-content\/uploads\/2024\/03\/bannerAnuario-18x3.jpg 18w\" sizes=\"auto, (max-width: 1686px) 100vw, 1686px\" \/><div class=\"wp-block-cover__inner-container is-layout-flow wp-block-cover-is-layout-flow\">\n<p class=\"has-text-align-left has-ast-global-color-5-color has-text-color has-link-color has-large-font-size wp-elements-18c81b227c74603fc432fc726bd3e815\"><a href=\"https:\/\/www.uabcs.mx\/dasc\/egresados\/anuario\"><strong>Anuario<\/strong><\/a><\/p>\n<\/div><\/div>\n<\/div>\n\n\n\n<div class=\"wp-block-column is-layout-flow wp-block-column-is-layout-flow\" style=\"flex-basis:30%\"><\/div>\n<\/div>\n\n\n\n<div class=\"wp-block-columns is-layout-flex wp-container-core-columns-is-layout-0806ab5c wp-block-columns-is-layout-flex\" style=\"margin-top:var(--wp--preset--spacing--30);margin-bottom:var(--wp--preset--spacing--30)\">\n<div class=\"wp-block-column is-layout-flow wp-block-column-is-layout-flow\" style=\"flex-basis:30%\"><\/div>\n\n\n\n<div class=\"wp-block-column is-layout-flow wp-block-column-is-layout-flow\" style=\"flex-basis:70%\">\n<div class=\"wp-block-cover aligncenter is-light has-custom-content-position is-position-center-right manuales fondo-enlace\" style=\"min-height:256px;aspect-ratio:unset;\"><span aria-hidden=\"true\" class=\"wp-block-cover__background has-background-dim-30 has-background-dim\"><\/span><img loading=\"lazy\" decoding=\"async\" width=\"1686\" height=\"304\" class=\"wp-block-cover__image-background wp-image-3217\" alt=\"\" src=\"https:\/\/www.uabcs.mx\/dasc\/wp-content\/uploads\/2022\/08\/image-13.png\" style=\"object-position:48% 86%\" data-object-fit=\"cover\" data-object-position=\"48% 86%\" srcset=\"https:\/\/www.uabcs.mx\/dasc\/wp-content\/uploads\/2022\/08\/image-13.png 1686w, https:\/\/www.uabcs.mx\/dasc\/wp-content\/uploads\/2022\/08\/image-13-300x54.png 300w, https:\/\/www.uabcs.mx\/dasc\/wp-content\/uploads\/2022\/08\/image-13-1024x185.png 1024w, https:\/\/www.uabcs.mx\/dasc\/wp-content\/uploads\/2022\/08\/image-13-768x138.png 768w, https:\/\/www.uabcs.mx\/dasc\/wp-content\/uploads\/2022\/08\/image-13-1536x277.png 1536w\" sizes=\"auto, (max-width: 1686px) 100vw, 1686px\" \/><div class=\"wp-block-cover__inner-container is-layout-flow wp-block-cover-is-layout-flow\">\n<p class=\"has-text-align-right has-ast-global-color-5-color has-text-color has-link-color has-large-font-size wp-elements-9028971ac26443005076962135517923\"><a rel=\"noreferrer noopener\" href=\"https:\/\/www.facebook.com\/bolsadetrabajouabcs\" target=\"_blank\"><strong>Bolsa de Trabajo<\/strong><\/a><\/p>\n<\/div><\/div>\n<\/div>\n<\/div>\n\n\n\n<div class=\"wp-block-columns is-layout-flex wp-container-core-columns-is-layout-0806ab5c wp-block-columns-is-layout-flex\" style=\"margin-top:var(--wp--preset--spacing--30);margin-bottom:var(--wp--preset--spacing--30)\">\n<div class=\"wp-block-column is-layout-flow wp-block-column-is-layout-flow\" style=\"flex-basis:70%\">\n<div class=\"wp-block-cover aligncenter is-light has-custom-content-position is-position-center-left manuales fondo-enlace\" style=\"min-height:256px;aspect-ratio:unset;\"><span aria-hidden=\"true\" class=\"wp-block-cover__background has-background-dim-30 has-background-dim\"><\/span><img loading=\"lazy\" decoding=\"async\" width=\"1686\" height=\"304\" class=\"wp-block-cover__image-background wp-image-5737\" alt=\"\" src=\"https:\/\/www.uabcs.mx\/dasc\/wp-content\/uploads\/2023\/06\/bannerEncuestaEgresados.jpg\" data-object-fit=\"cover\" srcset=\"https:\/\/www.uabcs.mx\/dasc\/wp-content\/uploads\/2023\/06\/bannerEncuestaEgresados.jpg 1686w, https:\/\/www.uabcs.mx\/dasc\/wp-content\/uploads\/2023\/06\/bannerEncuestaEgresados-300x54.jpg 300w, https:\/\/www.uabcs.mx\/dasc\/wp-content\/uploads\/2023\/06\/bannerEncuestaEgresados-1024x185.jpg 1024w, https:\/\/www.uabcs.mx\/dasc\/wp-content\/uploads\/2023\/06\/bannerEncuestaEgresados-768x138.jpg 768w, https:\/\/www.uabcs.mx\/dasc\/wp-content\/uploads\/2023\/06\/bannerEncuestaEgresados-1536x277.jpg 1536w, https:\/\/www.uabcs.mx\/dasc\/wp-content\/uploads\/2023\/06\/bannerEncuestaEgresados-18x3.jpg 18w\" sizes=\"auto, (max-width: 1686px) 100vw, 1686px\" \/><div class=\"wp-block-cover__inner-container is-layout-flow wp-block-cover-is-layout-flow\">\n<p class=\"has-text-align-right has-ast-global-color-5-color has-text-color has-link-color has-large-font-size wp-elements-60546fcdbe4b2f9fb7cc7a42356ea1e8\"><strong><a href=\"https:\/\/siia-web.uabcs.mx\/publicaciones\/IniciarEncuestas.aspx\" target=\"_blank\" rel=\"noreferrer noopener\">Encuesta de egresados<\/a><\/strong><\/p>\n<\/div><\/div>\n<\/div>\n\n\n\n<div class=\"wp-block-column is-layout-flow wp-block-column-is-layout-flow\" style=\"flex-basis:30%\"><\/div>\n<\/div>\n","protected":false},"excerpt":{"rendered":"<p>Titulaci\u00f3n Para el Depto. de Sistemas Computacionales es muy importante y gratificante que nuestros estudiantes logren alcanzar la cima de sus estudios de licenciatura, ya que la obtenci\u00f3n del t\u00edtulo profesional representa la culminaci\u00f3n de un largo camino de esfuerzo, estudio y dedicaci\u00f3n. En muchas ocasiones, el contar con el t\u00edtulo profesional abre puertas para &hellip;<\/p>\n<p class=\"read-more\"> <a class=\"\" href=\"https:\/\/www.uabcs.mx\/dasc\/egresados\/\"> <span class=\"screen-reader-text\">Egresados<\/span> Leer m\u00e1s &raquo;<\/a><\/p>\n","protected":false},"author":1,"featured_media":0,"parent":0,"menu_order":0,"comment_status":"closed","ping_status":"closed","template":"","meta":{"site-sidebar-layout":"no-sidebar","site-content-layout":"page-builder","ast-global-header-display":"","ast-main-header-display":"","ast-hfb-above-header-display":"","ast-hfb-below-header-display":"","ast-hfb-mobile-header-display":"","site-post-title":"disabled","ast-breadcrumbs-content":"","ast-featured-img":"disabled","footer-sml-layout":"","theme-transparent-header-meta":"enabled","adv-header-id-meta":"","stick-header-meta":"","header-above-stick-meta":"","header-main-stick-meta":"","header-below-stick-meta":"","footnotes":""},"class_list":["post-19","page","type-page","status-publish","hentry"],"acf":[],"_links":{"self":[{"href":"https:\/\/www.uabcs.mx\/dasc\/wp-json\/wp\/v2\/pages\/19","targetHints":{"allow":["GET"]}}],"collection":[{"href":"https:\/\/www.uabcs.mx\/dasc\/wp-json\/wp\/v2\/pages"}],"about":[{"href":"https:\/\/www.uabcs.mx\/dasc\/wp-json\/wp\/v2\/types\/page"}],"author":[{"embeddable":true,"href":"https:\/\/www.uabcs.mx\/dasc\/wp-json\/wp\/v2\/users\/1"}],"replies":[{"embeddable":true,"href":"https:\/\/www.uabcs.mx\/dasc\/wp-json\/wp\/v2\/comments?post=19"}],"version-history":[{"count":187,"href":"https:\/\/www.uabcs.mx\/dasc\/wp-json\/wp\/v2\/pages\/19\/revisions"}],"predecessor-version":[{"id":6603,"href":"https:\/\/www.uabcs.mx\/dasc\/wp-json\/wp\/v2\/pages\/19\/revisions\/6603"}],"wp:attachment":[{"href":"https:\/\/www.uabcs.mx\/dasc\/wp-json\/wp\/v2\/media?parent=19"}],"curies":[{"name":"wp","href":"https:\/\/api.w.org\/{rel}","templated":true}]}}